{"id":1844,"date":"2018-03-13T17:19:57","date_gmt":"2018-03-13T16:19:57","guid":{"rendered":"https:\/\/esproncedavision.es\/es\/?page_id=1844"},"modified":"2018-04-16T15:04:13","modified_gmt":"2018-04-16T14:04:13","slug":"optometria-y-contactologia","status":"publish","type":"page","link":"https:\/\/esproncedavision.es\/es\/optometria-y-contactologia\/","title":{"rendered":"Optometr\u00eda y contactolog\u00eda"},"content":{"rendered":"<div class=\"wpb-content-wrapper\"><p>[vc_row row_type=\u00bbrow\u00bb use_row_as_full_screen_section=\u00bbno\u00bb type=\u00bbfull_width\u00bb angled_section=\u00bbno\u00bb text_align=\u00bbjustify\u00bb background_image_as_pattern=\u00bbwithout_pattern\u00bb css_animation=\u00bb\u00bb][vc_column][vc_column_text]<\/p>\n<h1><span style=\"font-weight: 400\">OPTOMETR\u00cdA<\/span><\/h1>\n<p>[\/vc_column_text][vc_empty_space][\/vc_column][\/vc_row][vc_row row_type=\u00bbrow\u00bb use_row_as_full_screen_section=\u00bbno\u00bb type=\u00bbfull_width\u00bb angled_section=\u00bbno\u00bb text_align=\u00bbjustify\u00bb background_image_as_pattern=\u00bbwithout_pattern\u00bb css_animation=\u00bb\u00bb][vc_column width=\u00bb1\/2&#8243; alignment=\u00bbjustify\u00bb][vc_column_text]Es una profesi\u00f3n sanitaria, aut\u00f3noma, con un sistema docente y regulada, dedicada al cuidado de la salud. Los optometristas ejercen labores de atenci\u00f3n primaria de la salud visual, que comprende la refracci\u00f3n y adaptaci\u00f3n de ayudas visuales, detecci\u00f3n\/diagn\u00f3stico y manejo de las enfermedades del ojo y la rehabilitaci\u00f3n de las diferentes condiciones an\u00f3malas del sistema visual.<\/p>\n<p>&nbsp;<\/p>\n<p>Nuestro centro dispone de las \u00faltimas tecnolog\u00edas para poder ofrecer un estudio optom\u00e9trico completo llevado a cabo por nuestros optometristas, en continua formaci\u00f3n sobre las \u00faltimas novedades.<\/p>\n<p>&nbsp;<\/p>\n<p>Para la adaptaci\u00f3n de progresivos personalizados de \u00faltima generaci\u00f3n, se necesitan unas pruebas que nos dar\u00e1n medidas propias y exclusivas de cada paciente, datos obtenidos en nuestro caso con el VISIOFFICE 2.<\/p>\n<p>[\/vc_column_text][vc_empty_space][vc_video link=\u00bbhttps:\/\/www.youtube.com\/watch?v=o1woFtXuI08&#8243; align=\u00bbcenter\u00bb][vc_empty_space][\/vc_column][vc_column width=\u00bb1\/2&#8243;][vc_single_image image=\u00bb1837&#8243; img_size=\u00bblarge\u00bb alignment=\u00bbcenter\u00bb qode_css_animation=\u00bb\u00bb][vc_empty_space][\/vc_column][\/vc_row][vc_row row_type=\u00bbrow\u00bb use_row_as_full_screen_section=\u00bbno\u00bb type=\u00bbfull_width\u00bb angled_section=\u00bbno\u00bb text_align=\u00bbjustify\u00bb background_image_as_pattern=\u00bbwithout_pattern\u00bb css_animation=\u00bb\u00bb][vc_column width=\u00bb1\/2&#8243;][vc_single_image image=\u00bb1839&#8243; img_size=\u00bbfull\u00bb qode_css_animation=\u00bb\u00bb][vc_empty_space][\/vc_column][vc_column width=\u00bb1\/2&#8243;][vc_column_text]<\/p>\n<p><span style=\"font-weight: 400\">Las \u00faltimas lentes progresivas que han salido al mercado tambi\u00e9n tienen en cuenta el comportamiento visual de cerca (CVC), medida que permite la m\u00e1xima personalizaci\u00f3n y adaptabilidad, consiguiendo unas lentes progresivas TOTALMENTE PERSONALIZADAS, para adaptarse mejor a las necesidades de cada paciente.<\/span><\/p>\n<p>&nbsp;<\/p>\n<p><span style=\"font-weight: 400\">\u00bfNecesitas saber lo que se siente cuando se ve a trav\u00e9s de un progresivo antes de comprarlo?<\/span><\/p>\n<p>&nbsp;<\/p>\n<p><span style=\"font-weight: 400\">Experim\u00e9ntalo y prueba virtualmente los distintos tipos de lentes en nuestro centro con \u201cNAUTILUS\u201d.<\/span>[\/vc_column_text][vc_empty_space][vc_video link=\u00bbhttps:\/\/www.youtube.com\/watch?v=9Cha3bnRkk4&amp;t=7s\u00bb align=\u00bbcenter\u00bb][vc_empty_space][\/vc_column][\/vc_row][vc_row row_type=\u00bbrow\u00bb use_row_as_full_screen_section=\u00bbno\u00bb type=\u00bbfull_width\u00bb angled_section=\u00bbno\u00bb text_align=\u00bbjustify\u00bb background_image_as_pattern=\u00bbwithout_pattern\u00bb css_animation=\u00bb\u00bb][vc_column][vc_empty_space height=\u00bb52px\u00bb][vc_column_text]<\/p>\n<h1><span style=\"font-weight: 400\">CONTACTOLOG\u00cdA<\/span><\/h1>\n<p>[\/vc_column_text][vc_empty_space][\/vc_column][\/vc_row][vc_row row_type=\u00bbrow\u00bb use_row_as_full_screen_section=\u00bbno\u00bb type=\u00bbfull_width\u00bb angled_section=\u00bbno\u00bb text_align=\u00bbjustify\u00bb background_image_as_pattern=\u00bbwithout_pattern\u00bb css_animation=\u00bb\u00bb][vc_column width=\u00bb1\/2&#8243;][vc_column_text]<strong>Existen muchos tipos de lentes de contacto en el mercado:<\/strong><\/p>\n<p>&nbsp;<\/p>\n<p><span style=\"font-weight: 400\">-Lentes esf\u00e9ricas: Para pacientes con miop\u00eda e hipermetrop\u00eda. Pueden ser diarias, quincenales y mensuales.<\/span><\/p>\n<p>&nbsp;<\/p>\n<p><span style=\"font-weight: 400\">-Lentes t\u00f3ricas: Para pacientes con astigmatismos. Pueden ser diarias, quincenales y mensuales.<\/span><\/p>\n<p>&nbsp;<\/p>\n<p><span style=\"font-weight: 400\">-Lentes multifocales y multifocales t\u00f3ricas; Para pacientes con presbicia (vista cansada) y presbicia con astigmatismo respectivamente.<\/span><\/p>\n<p>&nbsp;<\/p>\n<p><span style=\"font-weight: 400\">-Orto-K: Tratamiento que se realiza con lentes de contacto permeables al gas que tienen como objetivo la reducci\u00f3n temporal de los defectos visuales (miop\u00eda, astigmatismos), las lentes se ponen solamente por la noche para dormir.<\/span><\/p>\n<p>&nbsp;<\/p>\n<p><span style=\"font-weight: 400\">-Lentes esclerales: Para tratamiento de queratoconos y pacientes post-lasik (despu\u00e9s de operaciones).<\/span><\/p>\n<p>&nbsp;<\/p>\n<p><span style=\"font-weight: 400\">-Lentes de contacto gas permeables: Son lentes duras y se recetan en pacientes que tienen miop\u00eda progresiva, astigmatismos altos y queratocono.<\/span><\/p>\n<p>&nbsp;<\/p>\n<p><span style=\"font-weight: 400\">-CSR: Es la primera lente en el mundo patentada para proteger la retina de la luz nociva.<\/span><\/p>\n<p>&nbsp;<\/p>\n<p><span style=\"font-weight: 400\">Una novedad en el mercado es la lente My Sight 1 day: Son las primeras lentes de contacto\u00a0<\/span><span style=\"font-weight: 400\">blandas diarias que reducen la progresi\u00f3n de la miop\u00eda en ni\u00f1os (seg\u00fan un estudio cl\u00ednico realizado).<\/span><\/p>\n<p>&nbsp;<\/p>\n<p><span style=\"font-weight: 400\">Nuestro centro ofrece todos estos tipos de lentes de contacto. Para ello realizamos un<strong> estudio personalizado de cada paciente<\/strong> haciendo un estudio optom\u00e9trico completo con topograf\u00eda ofreciendo a cada uno de ellos la mejor opci\u00f3n para su correcci\u00f3n.<\/span>[\/vc_column_text][vc_empty_space][\/vc_column][vc_column width=\u00bb1\/2&#8243;][vc_single_image image=\u00bb1825&#8243; img_size=\u00bbfull\u00bb qode_css_animation=\u00bb\u00bb][vc_empty_space][\/vc_column][\/vc_row][vc_row row_type=\u00bbrow\u00bb use_row_as_full_screen_section=\u00bbno\u00bb type=\u00bbfull_width\u00bb angled_section=\u00bbno\u00bb text_align=\u00bbjustify\u00bb background_image_as_pattern=\u00bbwithout_pattern\u00bb css_animation=\u00bb\u00bb][vc_column width=\u00bb1\/2&#8243;][vc_empty_space][vc_video link=\u00bbhttps:\/\/www.youtube.com\/watch?v=3dq6KTPPwos\u00bb][\/vc_column][vc_column width=\u00bb1\/2&#8243;][vc_empty_space][vc_video link=\u00bbhttps:\/\/www.youtube.com\/watch?v=hPsP9stPTDM&amp;feature=youtu.be\u00bb align=\u00bbcenter\u00bb][vc_empty_space][\/vc_column][\/vc_row]<\/p>\n<\/div>","protected":false},"excerpt":{"rendered":"<p>[vc_row row_type=\u00bbrow\u00bb use_row_as_full_screen_section=\u00bbno\u00bb type=\u00bbfull_width\u00bb angled_section=\u00bbno\u00bb text_align=\u00bbjustify\u00bb background_image_as_pattern=\u00bbwithout_pattern\u00bb css_animation=\u00bb\u00bb][vc_column][vc_column_text] OPTOMETR\u00cdA [\/vc_column_text][vc_empty_space][\/vc_column][\/vc_row][vc_row row_type=\u00bbrow\u00bb use_row_as_full_screen_section=\u00bbno\u00bb type=\u00bbfull_width\u00bb angled_section=\u00bbno\u00bb text_align=\u00bbjustify\u00bb background_image_as_pattern=\u00bbwithout_pattern\u00bb css_animation=\u00bb\u00bb][vc_column width=\u00bb1\/2&#8243; alignment=\u00bbjustify\u00bb][vc_column_text]Es una profesi\u00f3n sanitaria, aut\u00f3noma, con un sistema docente y regulada, dedicada al cuidado de la salud. Los optometristas ejercen labores de atenci\u00f3n primaria de la salud&#8230;<\/p>\n","protected":false},"author":12,"featured_media":0,"parent":0,"menu_order":0,"comment_status":"closed","ping_status":"closed","template":"","meta":{"_acf_changed":false,"footnotes":""},"class_list":["post-1844","page","type-page","status-publish","hentry"],"acf":[],"yoast_head":"<!-- This site is optimized with the Yoast SEO plugin v27.4 - https:\/\/yoast.com\/product\/yoast-seo-wordpress\/ -->\n<title>Optometr\u00eda y contactolog\u00eda en Espronceda Visi\u00f3n, Madrid<\/title>\n<meta name=\"description\" content=\"Optometr\u00eda y contactolog\u00eda en Madrid. Profesionales de la salud visual en Espronceda Visi\u00f3n. La \u00faltima tecnolog\u00eda para atender problemas visuales.\" \/>\n<meta name=\"robots\" content=\"index, follow, max-snippet:-1, max-image-preview:large, max-video-preview:-1\" \/>\n<link rel=\"canonical\" href=\"https:\/\/esproncedavision.es\/es\/optometria-y-contactologia\/\" \/>\n<meta property=\"og:locale\" content=\"es_ES\" \/>\n<meta property=\"og:type\" content=\"article\" \/>\n<meta property=\"og:title\" content=\"Optometr\u00eda y contactolog\u00eda en Espronceda Visi\u00f3n, Madrid\" \/>\n<meta property=\"og:description\" content=\"Optometr\u00eda y contactolog\u00eda en Madrid. Profesionales de la salud visual en Espronceda Visi\u00f3n. La \u00faltima tecnolog\u00eda para atender problemas visuales.\" \/>\n<meta property=\"og:url\" content=\"https:\/\/esproncedavision.es\/es\/optometria-y-contactologia\/\" \/>\n<meta property=\"og:site_name\" content=\"\u00d3ptica Espronceda\" \/>\n<meta property=\"article:modified_time\" content=\"2018-04-16T14:04:13+00:00\" \/>\n<meta name=\"twitter:card\" content=\"summary_large_image\" \/>\n<meta name=\"twitter:label1\" content=\"Tiempo de lectura\" \/>\n\t<meta name=\"twitter:data1\" content=\"4 minutos\" \/>\n<script type=\"application\/ld+json\" class=\"yoast-schema-graph\">{\"@context\":\"https:\\\/\\\/schema.org\",\"@graph\":[{\"@type\":\"WebPage\",\"@id\":\"https:\\\/\\\/esproncedavision.es\\\/es\\\/optometria-y-contactologia\\\/\",\"url\":\"https:\\\/\\\/esproncedavision.es\\\/es\\\/optometria-y-contactologia\\\/\",\"name\":\"Optometr\u00eda y contactolog\u00eda en Espronceda Visi\u00f3n, Madrid\",\"isPartOf\":{\"@id\":\"https:\\\/\\\/esproncedavision.es\\\/es\\\/#website\"},\"datePublished\":\"2018-03-13T16:19:57+00:00\",\"dateModified\":\"2018-04-16T14:04:13+00:00\",\"description\":\"Optometr\u00eda y contactolog\u00eda en Madrid. Profesionales de la salud visual en Espronceda Visi\u00f3n. La \u00faltima tecnolog\u00eda para atender problemas visuales.\",\"breadcrumb\":{\"@id\":\"https:\\\/\\\/esproncedavision.es\\\/es\\\/optometria-y-contactologia\\\/#breadcrumb\"},\"inLanguage\":\"es\",\"potentialAction\":[{\"@type\":\"ReadAction\",\"target\":[\"https:\\\/\\\/esproncedavision.es\\\/es\\\/optometria-y-contactologia\\\/\"]}]},{\"@type\":\"BreadcrumbList\",\"@id\":\"https:\\\/\\\/esproncedavision.es\\\/es\\\/optometria-y-contactologia\\\/#breadcrumb\",\"itemListElement\":[{\"@type\":\"ListItem\",\"position\":1,\"name\":\"Portada\",\"item\":\"https:\\\/\\\/esproncedavision.es\\\/es\\\/\"},{\"@type\":\"ListItem\",\"position\":2,\"name\":\"Optometr\u00eda y contactolog\u00eda\"}]},{\"@type\":\"WebSite\",\"@id\":\"https:\\\/\\\/esproncedavision.es\\\/es\\\/#website\",\"url\":\"https:\\\/\\\/esproncedavision.es\\\/es\\\/\",\"name\":\"\u00d3ptica Espronceda\",\"description\":\"Otro sitio creado por OPTI\",\"publisher\":{\"@id\":\"https:\\\/\\\/esproncedavision.es\\\/es\\\/#organization\"},\"potentialAction\":[{\"@type\":\"SearchAction\",\"target\":{\"@type\":\"EntryPoint\",\"urlTemplate\":\"https:\\\/\\\/esproncedavision.es\\\/es\\\/?s={search_term_string}\"},\"query-input\":{\"@type\":\"PropertyValueSpecification\",\"valueRequired\":true,\"valueName\":\"search_term_string\"}}],\"inLanguage\":\"es\"},{\"@type\":\"Organization\",\"@id\":\"https:\\\/\\\/esproncedavision.es\\\/es\\\/#organization\",\"name\":\"\u00d3ptica Espronceda\",\"url\":\"https:\\\/\\\/esproncedavision.es\\\/es\\\/\",\"logo\":{\"@type\":\"ImageObject\",\"inLanguage\":\"es\",\"@id\":\"https:\\\/\\\/esproncedavision.es\\\/es\\\/#\\\/schema\\\/logo\\\/image\\\/\",\"url\":\"https:\\\/\\\/esproncedavision.es\\\/wp-content\\\/uploads\\\/2018\\\/02\\\/logo-optica-espronceda1.png\",\"contentUrl\":\"https:\\\/\\\/esproncedavision.es\\\/wp-content\\\/uploads\\\/2018\\\/02\\\/logo-optica-espronceda1.png\",\"width\":300,\"height\":134,\"caption\":\"\u00d3ptica Espronceda\"},\"image\":{\"@id\":\"https:\\\/\\\/esproncedavision.es\\\/es\\\/#\\\/schema\\\/logo\\\/image\\\/\"}}]}<\/script>\n<!-- \/ Yoast SEO plugin. -->","yoast_head_json":{"title":"Optometr\u00eda y contactolog\u00eda en Espronceda Visi\u00f3n, Madrid","description":"Optometr\u00eda y contactolog\u00eda en Madrid. Profesionales de la salud visual en Espronceda Visi\u00f3n. La \u00faltima tecnolog\u00eda para atender problemas visuales.","robots":{"index":"index","follow":"follow","max-snippet":"max-snippet:-1","max-image-preview":"max-image-preview:large","max-video-preview":"max-video-preview:-1"},"canonical":"https:\/\/esproncedavision.es\/es\/optometria-y-contactologia\/","og_locale":"es_ES","og_type":"article","og_title":"Optometr\u00eda y contactolog\u00eda en Espronceda Visi\u00f3n, Madrid","og_description":"Optometr\u00eda y contactolog\u00eda en Madrid. Profesionales de la salud visual en Espronceda Visi\u00f3n. La \u00faltima tecnolog\u00eda para atender problemas visuales.","og_url":"https:\/\/esproncedavision.es\/es\/optometria-y-contactologia\/","og_site_name":"\u00d3ptica Espronceda","article_modified_time":"2018-04-16T14:04:13+00:00","twitter_card":"summary_large_image","twitter_misc":{"Tiempo de lectura":"4 minutos"},"schema":{"@context":"https:\/\/schema.org","@graph":[{"@type":"WebPage","@id":"https:\/\/esproncedavision.es\/es\/optometria-y-contactologia\/","url":"https:\/\/esproncedavision.es\/es\/optometria-y-contactologia\/","name":"Optometr\u00eda y contactolog\u00eda en Espronceda Visi\u00f3n, Madrid","isPartOf":{"@id":"https:\/\/esproncedavision.es\/es\/#website"},"datePublished":"2018-03-13T16:19:57+00:00","dateModified":"2018-04-16T14:04:13+00:00","description":"Optometr\u00eda y contactolog\u00eda en Madrid. Profesionales de la salud visual en Espronceda Visi\u00f3n. La \u00faltima tecnolog\u00eda para atender problemas visuales.","breadcrumb":{"@id":"https:\/\/esproncedavision.es\/es\/optometria-y-contactologia\/#breadcrumb"},"inLanguage":"es","potentialAction":[{"@type":"ReadAction","target":["https:\/\/esproncedavision.es\/es\/optometria-y-contactologia\/"]}]},{"@type":"BreadcrumbList","@id":"https:\/\/esproncedavision.es\/es\/optometria-y-contactologia\/#breadcrumb","itemListElement":[{"@type":"ListItem","position":1,"name":"Portada","item":"https:\/\/esproncedavision.es\/es\/"},{"@type":"ListItem","position":2,"name":"Optometr\u00eda y contactolog\u00eda"}]},{"@type":"WebSite","@id":"https:\/\/esproncedavision.es\/es\/#website","url":"https:\/\/esproncedavision.es\/es\/","name":"\u00d3ptica Espronceda","description":"Otro sitio creado por OPTI","publisher":{"@id":"https:\/\/esproncedavision.es\/es\/#organization"},"potentialAction":[{"@type":"SearchAction","target":{"@type":"EntryPoint","urlTemplate":"https:\/\/esproncedavision.es\/es\/?s={search_term_string}"},"query-input":{"@type":"PropertyValueSpecification","valueRequired":true,"valueName":"search_term_string"}}],"inLanguage":"es"},{"@type":"Organization","@id":"https:\/\/esproncedavision.es\/es\/#organization","name":"\u00d3ptica Espronceda","url":"https:\/\/esproncedavision.es\/es\/","logo":{"@type":"ImageObject","inLanguage":"es","@id":"https:\/\/esproncedavision.es\/es\/#\/schema\/logo\/image\/","url":"https:\/\/esproncedavision.es\/wp-content\/uploads\/2018\/02\/logo-optica-espronceda1.png","contentUrl":"https:\/\/esproncedavision.es\/wp-content\/uploads\/2018\/02\/logo-optica-espronceda1.png","width":300,"height":134,"caption":"\u00d3ptica Espronceda"},"image":{"@id":"https:\/\/esproncedavision.es\/es\/#\/schema\/logo\/image\/"}}]}},"_links":{"self":[{"href":"https:\/\/esproncedavision.es\/es\/wp-json\/wp\/v2\/pages\/1844","targetHints":{"allow":["GET"]}}],"collection":[{"href":"https:\/\/esproncedavision.es\/es\/wp-json\/wp\/v2\/pages"}],"about":[{"href":"https:\/\/esproncedavision.es\/es\/wp-json\/wp\/v2\/types\/page"}],"author":[{"embeddable":true,"href":"https:\/\/esproncedavision.es\/es\/wp-json\/wp\/v2\/users\/12"}],"replies":[{"embeddable":true,"href":"https:\/\/esproncedavision.es\/es\/wp-json\/wp\/v2\/comments?post=1844"}],"version-history":[{"count":5,"href":"https:\/\/esproncedavision.es\/es\/wp-json\/wp\/v2\/pages\/1844\/revisions"}],"predecessor-version":[{"id":1949,"href":"https:\/\/esproncedavision.es\/es\/wp-json\/wp\/v2\/pages\/1844\/revisions\/1949"}],"wp:attachment":[{"href":"https:\/\/esproncedavision.es\/es\/wp-json\/wp\/v2\/media?parent=1844"}],"curies":[{"name":"wp","href":"https:\/\/api.w.org\/{rel}","templated":true}]}}